{"id":13,"date":"2018-11-14T09:27:00","date_gmt":"2018-11-14T09:27:00","guid":{"rendered":"http:\/\/altinyayla.org.tr\/?page_id=13"},"modified":"2018-11-14T10:56:12","modified_gmt":"2018-11-14T10:56:12","slug":"dernegimiz","status":"publish","type":"page","link":"http:\/\/altinyayla.org.tr\/index.php\/dernegimiz\/","title":{"rendered":"T\u00fcz\u00fck"},"content":{"rendered":"<p align=\"center\"><strong>ALTINYAYLA ve \u00c7EVRES\u0130 YARDIMLA\u015eMA VE DAYANI\u015eMA\u00a0K\u00dcLT\u00dcR DERNE\u011e\u0130 ANA T\u00dcZ\u00dc\u011e\u00dc<\/strong><\/p>\n<p align=\"justify\"><strong>MADDE &#8211; 1:\u00a0DERNE\u011e\u0130N ADI<br \/>\n<\/strong><br \/>\nYasalar ile bu Ana t\u00fcz\u00fck h\u00fck\u00fcmleri\u00a0 do\u011frultusunda \u00e7al\u0131\u015fmak ve etkinliklerde bulunmak \u00fczere \u201cALTINYAYLA VE \u00c7EVRES\u0130 YARDIMLA\u015eMA VE DAYANI\u015eMA K\u00dcLT\u00dcR DERNE\u011e\u0130\u201d ad\u0131 ile bir dernek kurulmu\u015ftur.<\/p>\n<p>A\u015fa\u011f\u0131daki maddelerde \u201cAlt\u0131nyayla ve \u00c7evresi Yard\u0131mla\u015fma ve Dayan\u0131\u015fma K\u00fclt\u00fcr Derne\u011fi\u201d (Dernek) k\u0131sa ad\u0131 ile an\u0131lm\u0131\u015ft\u0131r.<\/p>\n<p align=\"justify\"><strong>MADDE &#8211; 2 :\u00a0DERNE\u011e\u0130N MERKEZ\u0130<br \/>\n<\/strong><br \/>\nDerne\u011fin merkezi Ankara\u2019 da d\u0131r. Yasalar\u0131n \u00f6ng\u00f6rd\u00fc\u011f\u00fc kural ve i\u015flemlere uygun olarak; yurt i\u00e7inde, merkez il ve il\u00e7eleri ile di\u011fer illerin merkez il ve il\u00e7elerinde birer \u015fube a\u00e7\u0131labilir.<\/p>\n<p align=\"justify\"><strong>MADDE &#8211; 3 :\u00a0DERNE\u011e\u0130N AMACI VE FAAL\u0130YETLER\u0130<\/strong><\/p>\n<p>a)\u00a0Ankara ve di\u011fer \u015fehirlerde ya\u015fayan hem\u015fehrilerimizin birbirleriyle tan\u0131\u015fmalar\u0131n\u0131 sa\u011flamak, fikir al\u0131\u015f veri\u015finde bulunmak, sosyal, k\u00fclt\u00fcrel de\u011ferlerimizi korumak, yard\u0131mla\u015fma ve dayan\u0131\u015fmay\u0131 sa\u011flamakt\u0131r.<br \/>\n<strong>b)<\/strong>\u00a0Alt\u0131nyayla ve \u00e7evresi ile ilgili tarihi k\u00fclt\u00fcrel zenginliklerin tan\u0131t\u0131lmas\u0131na, ya\u015fat\u0131lmas\u0131na y\u00f6nelik faaliyetlerde bulunmak ve daha g\u00fczelle\u015ftirmek i\u00e7in \u00e7al\u0131\u015fmak.<br \/>\n<strong>c)<\/strong>\u00a0Milli ve manevi de\u011ferleri korumak, ki\u015filer aras\u0131nda din, \u0131rk, b\u00f6lge ayr\u0131m\u0131 g\u00f6zetmeksizin, hem\u015fehrilerimizin birbirleriyle aralar\u0131nda dostluk ve karde\u015flik duygusunu kuvvetlendirici dayan\u0131\u015fma ve yard\u0131mla\u015fmay\u0131 sa\u011flamak amac\u0131 ile her t\u00fcrl\u00fc faaliyetlerde bulunmak.<br \/>\n<strong>d)<\/strong>\u00a0\u0130lk\u00f6\u011fretim, orta\u00f6\u011fretim ve Y\u00fcksek \u00f6\u011fretimde okuyan yard\u0131ma muhta\u00e7 \u00f6\u011frencilere burs vermek veya burs veren di\u011fer kurum ve kurulu\u015flarla ili\u015fkilere girmek. Orta\u00f6\u011fretim ve Y\u00fcksek \u00f6\u011fretimde okuyan \u00f6\u011frenci hem\u015fehrilerimizin Sosyal ve K\u00fclt\u00fcrel alanda geli\u015fmelerine yard\u0131mc\u0131 olacak etkinlik ve faaliyetlerde bulunmak.<br \/>\n<strong>e)<\/strong>\u00a0Sosyal ve k\u00fclt\u00fcrel dayan\u0131\u015fmay\u0131 sa\u011flamak amac\u0131 ile yemekli toplant\u0131lar, geceler, konserler, \u00e7ay, piknik, pilav g\u00fcn\u00fc ve festivaller d\u00fczenlemek, organize etmek, k\u00fct\u00fcphane te\u015fkil etmek i\u00e7in kitap kampanyalar\u0131 d\u00fczenlemek.<br \/>\n<strong>f)<\/strong>\u00a0Y\u00f6remizin tarihi, k\u00fclt\u00fcrel ve turistik yerlerini belirleyip, buralar\u0131n tan\u0131t\u0131lmas\u0131na y\u00f6nelik, tan\u0131t\u0131ma hizmet edebilmek \u00fczere dergi, bro\u015f\u00fcr, seminer, kurs gibi her t\u00fcrl\u00fc faaliyetlerde\u00a0 bulunmak.<br \/>\n<strong>g)<\/strong>\u00a0Amac\u0131 do\u011frultusunda 2908 Say\u0131l\u0131 kanunun 44. maddesi uyar\u0131nca gazete, mecmua, bro\u015f\u00fcr bast\u0131r\u0131p da\u011f\u0131tmak.<br \/>\n<strong>h)<\/strong>\u00a0Alt\u0131nyayla ve \u00e7evresindeki k\u00f6ylerin geli\u015ftirilmesi i\u00e7in yol, su elektrik, kanalizasyon, altyap\u0131 ve di\u011fer imar ve \u0131slah i\u015flerinin organizasyonunu yapmak, gerekti\u011finde projeler \u00fcretmek ve finanse edilmesini sa\u011flamak.<br \/>\n<strong>i)<\/strong>\u00a0Alt\u0131nyayla ve \u00e7evresinin tan\u0131t\u0131lmas\u0131 i\u00e7in Video kaseti ve VCD haz\u0131rlay\u0131p \u00fccretsiz olarak da\u011f\u0131tmak.<br \/>\n<strong>j)<\/strong>\u00a0Derne\u011fin ihtiyac\u0131 olan ta\u015f\u0131n\u0131r ve ta\u015f\u0131nmaz mal almak, satmak, yard\u0131mla\u015fma ve dayan\u0131\u015fmay\u0131 sa\u011flamak amac\u0131 ile yard\u0131m sand\u0131\u011f\u0131 kurmak. Yard\u0131m toplama kanunu ve Ana t\u00fcz\u00fc\u011f\u00fcn h\u00fck\u00fcmlerine uygun olarak\u00a0 ba\u011f\u0131\u015f almak ve vermek.<br \/>\n<strong>k)<\/strong>\u00a0Alt\u0131nyayla ve \u00e7evresinde kurulu bulunan Alt\u0131nyayla ve \u00e7evresi k\u00f6ylerine hizmet eden dernek ve kurulu\u015flarla i\u015fbirli\u011fine gidilmesi, bu konudaki \u00e7al\u0131\u015fmalara destek verilmesi.<\/p>\n<p align=\"justify\"><strong>MADDE \u2013 4: DERNE\u011e\u0130N KURUCULARI<\/strong><\/p>\n<table border=\"0\" width=\"530\" cellspacing=\"1\" cellpadding=\"1\" bgcolor=\"#eaeaea\">\n<tbody>\n<tr bgcolor=\"#ffffff\">\n<td>\n<p align=\"center\">S\u0131ra<br \/>\nNo<\/p>\n<\/td>\n<td>\n<p align=\"center\">Ad\u0131<br \/>\nSoyad\u0131<\/p>\n<\/td>\n<td>\n<p align=\"center\">T.C.<br \/>\nKimlik No<\/p>\n<\/td>\n<td>\n<p align=\"center\">Baba<br \/>\nAna Ad\u0131<\/p>\n<\/td>\n<td>\n<p align=\"center\">Do\u011fum<br \/>\nYeri ve<br \/>\nTarihi<\/p>\n<\/td>\n<td>\n<p align=\"center\">N\u00fcfusa<br \/>\nKay\u0131tl\u0131 Oldu\u011fu Yer<\/p>\n<\/td>\n<td>\n<p align=\"center\">Ta-<br \/>\nBi<br \/>\nat\u0131<\/p>\n<\/td>\n<td>\n<p align=\"center\">Cinsi<\/p>\n<\/td>\n<td>\n<p align=\"center\">Mesle\u011fi<\/p>\n<\/td>\n<td>\n<p align=\"center\">\u00d6\u011frenim<br \/>\nDurumu<\/p>\n<\/td>\n<td>\n<p align=\"center\">Adresi<\/p>\n<\/td>\n<\/tr>\n<tr bgcolor=\"#ffffff\">\n<td>1<\/td>\n<td>Hac\u0131<br \/>\nSUBA\u015eI<\/td>\n<td>49432700942<\/td>\n<td>Yusuf<br \/>\nZeynep<\/td>\n<td>\u015eARKI\u015eLA<br \/>\n19.09.1960<\/td>\n<td>S\u0130VAS<br \/>\nALTINYAYLA<\/td>\n<td>T.C.<\/td>\n<td>Erkek<\/td>\n<td>Mali<br \/>\nM\u00fc\u015favir<\/td>\n<td>Fak\u00fclte<\/td>\n<td>\u00c7aml\u0131k mah.<br \/>\nO.Kemal cad.<br \/>\nNo:288\/2<br \/>\nH.gazi\/Ank.<\/td>\n<\/tr>\n<tr bgcolor=\"#ffffff\">\n<td>\n<p align=\"left\">2<\/p>\n<\/td>\n<td>Nurettin<br \/>\nARSLAN<\/td>\n<td>10847987082<\/td>\n<td>Mehmet<br \/>\nSaniye<\/td>\n<td>\u015eARKI\u015eLA<br \/>\n02.01.1948<\/td>\n<td>S\u0130VAS<br \/>\nALTINYAYLA<\/td>\n<td>T.C.<\/td>\n<td>Erkek<\/td>\n<td>Mobilyac\u0131<\/td>\n<td>\u0130lkokul<\/td>\n<td>Be\u015fikkaya mah.<br \/>\n9.cad. No:2<br \/>\nAlt\u0131nda\u011f-<br \/>\nANKARA<\/td>\n<\/tr>\n<tr bgcolor=\"#ffffff\">\n<td>3<\/td>\n<td>Teyfik<br \/>\nCO\u015eKUN<\/td>\n<td>67345103896<\/td>\n<td>Hasan<br \/>\nMeryem<\/td>\n<td>\u015eARKI\u015eLA<br \/>\n01.12.1959<\/td>\n<td>S\u0130VAS<br \/>\nALTINYAYLA<\/td>\n<td>T.C.<\/td>\n<td>Erkek<\/td>\n<td>Ta\u015foren<\/td>\n<td>\u0130lkokul<\/td>\n<td>Bat\u0131kent Mesa<br \/>\nAlt\u0131n konut<br \/>\n280.sk. No:10<br \/>\nBat\u0131kent-Ank.<\/td>\n<\/tr>\n<tr bgcolor=\"#ffffff\">\n<td>4<\/td>\n<td>Fikri<br \/>\nALTUNBULAK<\/td>\n<td>68647060412<\/td>\n<td>Tahir<br \/>\nSalimet<\/td>\n<td>HARMANDALI<br \/>\n04.01.1946<\/td>\n<td>S\u0130VAS<br \/>\nALTINYAYLA<\/td>\n<td>T.C.<\/td>\n<td>Erkek<\/td>\n<td>Ta\u015foren<\/td>\n<td>\u0130lkokul<\/td>\n<td>Ergenekon mah.<br \/>\nKarab\u00fck sok.<br \/>\nNo: 23\/5<br \/>\nY.mahalle\/Ank<\/td>\n<\/tr>\n<tr bgcolor=\"#ffffff\">\n<td>5<\/td>\n<td>Ahmet<br \/>\nCAN<\/td>\n<td>10592995516<\/td>\n<td>Yusuf<br \/>\nHatice<\/td>\n<td>HARMANDALI<br \/>\n04.03.1956<\/td>\n<td>S\u0130VAS<br \/>\nALTINYAYLA<\/td>\n<td>T.C.<\/td>\n<td>Erkek<\/td>\n<td>\u0130n\u015faat\u00e7\u0131<\/td>\n<td>\u0130lkokul<\/td>\n<td>Ba\u015fp\u0131nar mah.<br \/>\n160.sk. No:27<br \/>\nD:4<br \/>\nAlt\u0131nda\u011f\/Ank.<\/td>\n<\/tr>\n<tr bgcolor=\"#ffffff\">\n<td>6<\/td>\n<td>Salih<br \/>\nALTUNBULAK<\/td>\n<td>68662059934<\/td>\n<td>Hac\u0131<br \/>\nMustafa<br \/>\nAi\u015fe<\/td>\n<td>HARMANDALI<br \/>\n05.12.1944<\/td>\n<td>S\u0130VAS<br \/>\nALTINYAYLA<\/td>\n<td>T.C.<\/td>\n<td>Erkek<\/td>\n<td>Serbest<\/td>\n<td>\u0130lkokul<\/td>\n<td>Ba\u015fp\u0131nar mah.<br \/>\n80.sk. No: 18\/1<br \/>\nAlt\u0131nda\u011f\/Ank.<\/td>\n<\/tr>\n<tr bgcolor=\"#ffffff\">\n<td>7<\/td>\n<td>Saadettin<br \/>\nTUN\u00c7<\/td>\n<td>15494832006<\/td>\n<td>Mehmet<br \/>\nYeter<\/td>\n<td>ALTINYAYLA<br \/>\n17.05.1956<\/td>\n<td>S\u0130VAS<br \/>\nALTINYAYLA<\/td>\n<td>T.C.<\/td>\n<td>Erkek<\/td>\n<td>Memur<\/td>\n<td>Y\u00fcksek<br \/>\nokul<\/td>\n<td>Saimekad\u0131n mah.<br \/>\nCami sk.No:23\/3<br \/>\nAbidinpa\u015fa<br \/>\nAnkara<\/td>\n<\/tr>\n<tr bgcolor=\"#ffffff\">\n<td>8<\/td>\n<td>Fehmi<br \/>\nDEM\u0130R<\/td>\n<td>19685701478<\/td>\n<td>Mahmut<br \/>\nMeryem<\/td>\n<td>KANGAL<br \/>\n17.08.1958<\/td>\n<td>S\u0130VAS<br \/>\nKALGAL<\/td>\n<td>T.C.<\/td>\n<td>Erkek<\/td>\n<td>Elektrik\u00e7i<\/td>\n<td>\u0130lkokul<\/td>\n<td>Ba\u015fp\u0131nar mah.<br \/>\n164.sk. No:117<br \/>\nD:2<br \/>\nAlt\u0131nda\u011f\/Ank.<\/td>\n<\/tr>\n<tr bgcolor=\"#ffffff\">\n<td>9<\/td>\n<td>Naci<br \/>\nB\u00d6L\u00dcKBA\u015eI<\/td>\n<td>54970516345<\/td>\n<td>Nurettin<br \/>\nZeynep<\/td>\n<td>KIZILH\u00dcY\u00dcK<br \/>\n01.01.1959<\/td>\n<td>S\u0130VAS<br \/>\nALTINYAYLA<\/td>\n<td>T.C.<\/td>\n<td>Erkek<\/td>\n<td>Terzi<\/td>\n<td>Lise<\/td>\n<td>12.cad.29.sk.<br \/>\nNo: 18\/43<br \/>\nYenimahalle<br \/>\nAnkara<\/td>\n<\/tr>\n<tr bgcolor=\"#ffffff\">\n<td>10<\/td>\n<td>Haydar<br \/>\n\u00c7A\u011eRICI<\/td>\n<td>27032447672<\/td>\n<td>Hac\u0131<br \/>\nMehmet<br \/>\nDudu<\/td>\n<td>TA\u015eLIH\u00dcY\u00dcK<br \/>\n01.01.1950<\/td>\n<td>S\u0130VAS<br \/>\nALTINYAYLA<\/td>\n<td>T.C.<\/td>\n<td>Erkek<\/td>\n<td>Esnaf<\/td>\n<td>\u0130lkokul<\/td>\n<td>12.cad.29.sk.<br \/>\nNo: 18\/37<br \/>\nYenimahalle<br \/>\nAnkara<\/td>\n<\/tr>\n<\/tbody>\n<\/table>\n<p><strong><br \/>\nMADDE \u2013 5:\u00a0DERNE\u011eE \u00dcYE OLMA HAKKI<br \/>\n<\/strong><br \/>\nMedeni haklar\u0131n\u0131 kullanma ehliyetine sahip ve 18 ya\u015f\u0131n\u0131 bitirmi\u015f T\u00fcrk vatanda\u015f\u0131 olup, herkes 2908 Say\u0131l\u0131 dernekler Kanununun 4. ve 16. maddesinde belirtilen s\u00fcrekli ve s\u00fcreli hak yoksunlu\u011fu veya hak s\u0131n\u0131rlamas\u0131 kapsam\u0131nda kalmamak ko\u015fulu ile derne\u011fe \u00fcye olabilir.<\/p>\n<p>Dernek y\u00f6netim kurulu, \u00fcyelik i\u00e7in yap\u0131lan yaz\u0131l\u0131 m\u00fcracaatlar\u0131 en fazla 30 g\u00fcn i\u00e7erisinde \u00fcyeli\u011fe kabul veya reddi \u015feklinde karara ba\u011flay\u0131p, reddi halinde m\u00fcracaat sahibine yaz\u0131 ile duyurmak zorundad\u0131r. Hi\u00e7 kimse \u00fcye olmaya zorlanamaz.<\/p>\n<p align=\"justify\"><strong>MADDE \u2013 6:\u00a0DERNEKTEN \u00c7IKMA VE \u00c7IKARILMA<\/strong><\/p>\n<p>Hi\u00e7 kimse bir \u00fcyeyi dernekten ayr\u0131lmaya ve kalmaya zorlayamaz. Dernek \u00fcyeleri e\u015fit haklara sahiptir. Aralar\u0131nda dil, din, mezhep ve cinsiyet fark\u0131 g\u00f6zetilmez . Genel Kurula kat\u0131lma hakk\u0131na sahiptir. Her \u00fcyenin istedi\u011fi zaman dernekten ayr\u0131lma hakk\u0131 vard\u0131r. Ayr\u0131lmak isteyen \u00fcyenin istifa yaz\u0131s\u0131 y\u00f6netim kuruluna geldi\u011fi an \u00fcye dernekten \u00e7\u0131km\u0131\u015f olur.<\/p>\n<p>Dernek \u00fcyesi olmas\u0131 medeni haklar\u0131 kullanma ve 2908 Say\u0131l\u0131 Kanunun 16. maddesi ile d\u00fczenlenmi\u015f derneklere \u00fcye hakk\u0131n\u0131 kaybetme durumlar\u0131nda, derne\u011fin ama\u00e7lar\u0131na ve t\u00fcz\u00fc\u011fe ayk\u0131r\u0131 hareket edenler, derne\u011fin \u00e7\u0131karlar\u0131n\u0131 ve ama\u00e7lar\u0131n\u0131 engelleyici ve \u00fcyeler aras\u0131nda beraberlik ve tenas\u00fct\u00fc bozucu davran\u0131\u015flarda bulunanlar, bir y\u0131l m\u00fcddetle aidatlar\u0131n\u0131 \u00f6demeyenler y\u00f6netim kurulu karar\u0131 ile dernekten \u00e7\u0131kar\u0131labilir ve \u00fcyelik kay\u0131tlar\u0131 silinir.<\/p>\n<p align=\"justify\"><strong>MADDE \u2013 7:\u00a0\u00dcYELER\u0130N HAKLARI<\/strong><\/p>\n<p>Hi\u00e7 kimse bir \u00fcyeyi dernekten ayr\u0131lmaya ve kalmaya zorlayamaz. Dernek \u00fcyeleri e\u015fit haklara sahiptirler. Aralar\u0131nda dil, din, mezhep ve cinsiyet fark\u0131 g\u00f6zetilmez. Genel Kurula kat\u0131lan her \u00fcyenin bir oy hakk\u0131 vard\u0131r. Her \u00fcye oyunu bizzat kendi kullan\u0131r. Her \u00fcye Genel Kurulda kendisinden ba\u015fkas\u0131n\u0131 temsil edemez.<\/p>\n<p align=\"justify\"><strong>MADDE \u2013 8:\u00a0DERNE\u011e\u0130N ORGANLARI<br \/>\n<\/strong><br \/>\nDerne\u011fin organlar \u015funlard\u0131r.<br \/>\n<strong>a)<\/strong>\u00a0Genel Kurul<br \/>\n<strong>b)<\/strong>\u00a0Y\u00f6netim Kurulu<br \/>\n<strong>c)<\/strong>\u00a0Denetim Kurulu<\/p>\n<p align=\"justify\"><strong>MADDE \u2013 9:\u00a0GENEL KURUL<\/strong><\/p>\n<p>Derne\u011fe kay\u0131tl\u0131 \u00fcyeler ile \u015fube do\u011fal ve se\u00e7imlik delegelerinden 12. Madde de belirtilen esaslar dahilinde te\u015fkil olunacak \u00fcyelerin yar\u0131s\u0131ndan bir fazlas\u0131n\u0131n kat\u0131lmas\u0131 ile\u00a0 toplan\u0131r. \u0130lk toplant\u0131da yeter say\u0131n\u0131n sa\u011flanamamas\u0131 halinde, \u00e7o\u011funluk ikinci toplant\u0131ya kat\u0131lan \u00fcye tam say\u0131s\u0131, dernek y\u00f6netim ve denetleme kurullar\u0131 \u00fcye tam say\u0131s\u0131 toplam\u0131n\u0131n iki kat\u0131ndan az olamaz..<\/p>\n<p><strong>Genel Kurul Toplant\u0131lar\u0131:<\/strong><\/p>\n<p>Genel Kurul toplant\u0131s\u0131na Y\u00f6netim Kurulu karar verir. Genel Kurul toplant\u0131ya Y\u00f6netim Kurulunca \u00e7a\u011fr\u0131l\u0131r. Genel Kurul \u0130ki y\u0131lda bir ocak ay\u0131 i\u00e7inde, y\u00f6netim kurulunca uygun tarihte ola\u011fan olarak toplan\u0131r. Genel Kurulca\u00a0 ayr\u0131ca y\u00f6netim veya denetleme kurulunun gerekli g\u00f6rd\u00fc\u011f\u00fc hallerde veya dernek \u00fcyeleri ile \u015fube do\u011fal ve se\u00e7imlik delegelerden 1\/5 nin yaz\u0131l\u0131 iste\u011fi \u00fczerine ola\u011fan\u00fcst\u00fc toplan\u0131r. Denetleme Kurulunun veya dernek \u00fcyeleri ile \u015fube do\u011fal ve se\u00e7imlik delegelerden\u00a0 1\/5 nin istemine ra\u011fmen y\u00f6netim kurulu genel kurulu bir ay i\u00e7erisinde toplant\u0131ya \u00e7a\u011f\u0131rmasa denetim kurulu veya toplant\u0131 isteminde bulunan dernek \u00fcyeleri ve \u015fube do\u011fal ve se\u00e7imlik delegelerden birinin m\u00fcracaat\u0131 \u00fczerine mahallin sulh hukuk hakimi duru\u015fma yaparak dernek \u00fcyeleri ve \u015fube do\u011fal ve se\u00e7imlik delegeler aras\u0131nda 3 ki\u015filik bir heyete genel kurulu toplant\u0131ya \u00e7a\u011f\u0131rmakla g\u00f6revlendirilir.<\/p>\n<p align=\"justify\"><strong>MADDE-10:\u00a0GENEL KURUL TOPLANTILARINA \u00c7A\u011eRI \u00dcS\u00dcL\u00dc<\/strong><\/p>\n<p>Y\u00f6netim Kurulu dernek t\u00fcz\u00fc\u011f\u00fcne g\u00f6re genel kurula kat\u0131lma hakk\u0131 bulunan \u00fcyelerin listesini d\u00fczenler. Genel Kurula kat\u0131lacak \u00fcyeler en az 15 g\u00fcn \u00f6nceden g\u00fcn\u00fc saati yeri ve g\u00fcndemi mahalli bir gazetede ilan edilmek suretiyle toplant\u0131ya \u00e7a\u011fr\u0131l\u0131r. Ayr\u0131ca \u00fcyelere adi posta ile g\u00fcndem ve davetiye mektubu g\u00f6nderilir.<\/p>\n<p>Bu \u00e7a\u011fr\u0131da ilk toplant\u0131da \u00e7o\u011funluk sa\u011flanamad\u0131\u011f\u0131nda ikinci toplant\u0131n\u0131n g\u00fcn, yer ve saati belirtilir. \u0130lk toplant\u0131 g\u00fcn\u00fc ile ikinci toplant\u0131 aras\u0131nda b\u0131rak\u0131lan zaman bir haftadan az olamaz. Toplant\u0131n\u0131n yap\u0131laca\u011f\u0131 g\u00fcn, yer ve saat toplant\u0131 g\u00fcn\u00fcnden en az 15 g\u00fcn \u00f6nce mahallin en b\u00fcy\u00fck m\u00fclki amirli\u011fine yaz\u0131 ile bildirilir. Bu yaz\u0131ya toplant\u0131ya kat\u0131lacak \u00fcyeleri g\u00f6sterir liste de eklenir. Toplant\u0131 ba\u015fka bir sebeple geri b\u0131rak\u0131l\u0131rsa bu durum, geri b\u0131rakma sebepleri de belirtilmek suretiyle toplant\u0131 ilan\u0131 yap\u0131ld\u0131\u011f\u0131 gazeteye ikinci bir ilan verilerek duyurulur. Bu halde ikinci toplant\u0131n\u0131n b\u0131rakma tarihinden en ge\u00e7 iki ay i\u00e7inde yap\u0131lmas\u0131 zorunludur. \u00dcyeler ikinci toplant\u0131ya birinci f\u0131krada belirtilen esaslara g\u00f6re yeniden \u00e7a\u011fr\u0131l\u0131r.<\/p>\n<p align=\"justify\"><strong>MADDE -11:\u00a0TOPLANTI YER\u0130 VE GENEL KURUL DELEGELER\u0130<\/strong><\/p>\n<p>a)\u00a0Genel kurul toplant\u0131lar\u0131 dernek merkezin bulundu\u011fu yerden bir ba\u015fka yerde yap\u0131lmaz.<br \/>\n<strong>b)<\/strong>\u00a0Genel kurul dernek \u00fcyelerinden olu\u015fur.<br \/>\n<strong>c)<\/strong>\u00a0\u015eubelerin do\u011fal ve se\u00e7imlik delegelerinden olu\u015fur.<\/p>\n<p align=\"justify\"><strong>MADDE- 12:\u00a0GENEL KURUL TOPLANTILARININ YAPILI\u015e US\u00dcL\u00dc<\/strong><\/p>\n<p>Genel Kurul toplant\u0131lar\u0131 ilanda belirtilen ve mahallin en b\u00fcy\u00fck m\u00fclki amirine bildirilen g\u00fcn\u00a0 saat ve yerde yap\u0131l\u0131r. Genel kurula kat\u0131lacak \u00fcyeler Y\u00f6netim kurulunca d\u00fczenlenen listedeki adlar\u0131 kar\u015f\u0131s\u0131na imza koyarak toplant\u0131 yerine giderler. Yukar\u0131da belirtilen tam say\u0131 sa\u011flan\u0131nca durum bir tutanakla tespit edilir ve toplant\u0131 y\u00f6netim kurulu ba\u015fkan\u0131 veya g\u00f6revlendirece\u011fi biri taraf\u0131ndan a\u00e7\u0131l\u0131r.<\/p>\n<p align=\"justify\">H\u00fck\u00fcmet komiserinin toplant\u0131ya gelmemi\u015f olmas\u0131 toplant\u0131n\u0131n ertelenmi\u015f olmas\u0131n\u0131 gerektirmez. Y\u00f6netim kurulu a\u00e7\u0131l\u0131\u015ftan sonra toplant\u0131y\u0131 y\u00f6netmek \u00fczere bir ba\u015fkan, ve yeteri kadar katip se\u00e7ilir. Toplant\u0131 y\u00f6netimi genel kurul ba\u015fkan\u0131na aittir. Katipler toplant\u0131 tutana\u011f\u0131n\u0131 d\u00fczenler ve ba\u015fkanla birlikte imzalarlar. Toplant\u0131 sonunda b\u00fct\u00fcn tutanaklar ve belgeler y\u00f6netim kuruluna verilir.<\/p>\n<p align=\"justify\"><strong>MADDE\u201313:\u00a0GENEL KURULDA KARAR ALMA VE\u00a0 ESASLARI<br \/>\n<\/strong><br \/>\nGenel Kurul toplant\u0131s\u0131nda yaln\u0131z g\u00fcndemde yer alan maddeler g\u00f6r\u00fc\u015f\u00fcl\u00fcr. Ancak toplant\u0131da haz\u0131r bulunan \u00fcyelerin en az 1\/10 unun taraf\u0131ndan g\u00f6r\u00fc\u015f\u00fclmesi istenilen konular\u0131 g\u00fcndeme al\u0131nmas\u0131 zorunludur. Genel kurul kararlar\u0131 oy \u00e7oklu\u011fu ile al\u0131n\u0131r. Gizli oy a\u00e7\u0131k tasnif yap\u0131l\u0131r. \u00dcyeler e\u015fit haklara sahip olup her \u00fcyenin bir oy hakk\u0131 vard\u0131r. T\u00fcz\u00fck de\u011fi\u015fikli\u011fi i\u00e7in 2\/3 oy \u00e7oklu\u011fu gerekir. Genel kurul kararlar\u0131 dernek merkezinde herkesin g\u00f6rebilece\u011fi mahaldeki ilan tahtas\u0131na yaz\u0131lmak ve as\u0131lmak suretiyle duyurulur.<\/p>\n<p align=\"justify\"><strong>MADDE -14:\u00a0GENEL KURULUN G\u00d6REV VE YETK\u0130LER\u0130<\/strong><\/p>\n<p>a)\u00a0Dernek organlar\u0131n\u0131n se\u00e7imi<br \/>\n<strong>b)<\/strong>\u00a0Dernek t\u00fcz\u00fc\u011f\u00fcn\u00fcn de\u011fi\u015ftirilmesi<br \/>\n<strong>c)<\/strong>\u00a0Y\u00f6netim ve Denetim kurullar\u0131n\u0131n raporlar\u0131n\u0131n g\u00f6r\u00fc\u015f\u00fclmesi, y\u00f6netim kurulunun ibra edilmesi,<br \/>\n<strong>d)<\/strong>\u00a0Y\u00f6netim\u00a0 kurulunca haz\u0131rlanan b\u00fct\u00e7enin g\u00f6r\u00fc\u015f\u00fcl\u00fcp aynen veya de\u011fi\u015ftirilerek kabul edilmesi,<br \/>\n<strong>e)<\/strong>\u00a0Dernek i\u00e7in gerekli ta\u015f\u0131nmaz mallar\u0131n sat\u0131n al\u0131nmas\u0131 veya mevcut ta\u015f\u0131nmaz mallar\u0131n sat\u0131lmas\u0131 hususunda y\u00f6netim kuruluna yetki verilmesi<br \/>\n<strong>f)<\/strong>\u00a0Derne\u011fin kamu yarar\u0131na \u00e7al\u0131\u015fan dernek say\u0131lmas\u0131 halinde federasyona kat\u0131lmas\u0131 veya ayr\u0131lmas\u0131, yurt d\u0131\u015f\u0131ndaki dernek veya kat\u0131lmas\u0131 veya ayr\u0131lmas\u0131,<br \/>\n<strong>g)<\/strong>\u00a0Derne\u011fin fesih edilmesi<br \/>\n<strong>h)<\/strong>\u00a0Mevzuata ve dernek t\u00fcz\u00fc\u011f\u00fcnde genel kurulca yap\u0131lmas\u0131 belirtilen veya yap\u0131labilecek di\u011fer g\u00f6revlerin yerine getirilmesi,<\/p>\n<p align=\"justify\"><strong>MADDE-15:\u00a0Y\u00d6NET\u0130M KURULUNUN TE\u015eK\u0130L\u0130<br \/>\n<\/strong><br \/>\n\u0130ki y\u0131l s\u00fcre ile se\u00e7ilen Y\u00f6netim Kurulu (5) asil (5) yedek \u00fcyeden olu\u015facak \u015fekilde genel kurulca gizli oyla se\u00e7ilir.<\/p>\n<p><strong>a)<\/strong>\u00a0Y\u00f6netim Kurulu ilk toplant\u0131s\u0131nda bir ba\u015fkan, bir ba\u015fkan yard\u0131mc\u0131s\u0131, bir genel sekreter ve bir genel sayman se\u00e7erek g\u00f6rev b\u00f6l\u00fcm\u00fc yapar.<br \/>\n<strong>b)<\/strong>\u00a0Y\u00f6netim Kurulunda toplant\u0131 ve karar oran\u0131 yar\u0131dan bir fazlad\u0131r. Oylamada e\u015fitlik olursa toplant\u0131 ba\u015fkan\u0131n\u0131n taraf\u0131 esast\u0131r.<br \/>\n<strong>c)<\/strong>\u00a0Y\u00f6netim kurulu en az ayda bir defa toplan\u0131r. Mazeretsiz olarak iki ay \u00fcst \u00fcste toplant\u0131lara kat\u0131lamayan \u00fcye y\u00f6netim kurulu \u00fcyeli\u011finden d\u00fc\u015fer. Yerine yedeklerden ilk s\u0131rada olan \u00fcye yaz\u0131l\u0131 davet edilir.<br \/>\n<strong>d)<\/strong>\u00a0Y\u00f6netim Kurulu \u00fcyeli\u011fi fahridir<\/p>\n<p align=\"justify\"><strong>MADDE\u201316:\u00a0Y\u00d6NET\u0130M KURULUNUN G\u00d6REV VE YETK\u0130LER\u0130<br \/>\n<\/strong><br \/>\nY\u00f6netim kurulu (5) as\u0131l (5) yedek \u00fcyeden olu\u015facak \u015fekilde genel kurulca gizli oyla se\u00e7ilir. As\u0131l \u00fcyelerden bo\u015falma oldu\u011fu takdirde yedek \u00fcyelerin g\u00f6reve \u00e7a\u011fr\u0131lmas\u0131 zorunludur.<\/p>\n<p align=\"justify\">Y\u00f6netim Kurulu a\u015fa\u011f\u0131daki hususlar\u0131 yerine getirir;<br \/>\n<strong>1.<\/strong>\u00a0Derne\u011fi temsil etmek veya bu hususta kendi \u00fcyelerinden bir veya birka\u00e7\u0131na yetki vermek,<br \/>\n<strong>2.<\/strong>\u00a0Derne\u011fin gelir ve hesaplar\u0131na ili\u015fkin i\u015flemleri yapmak ve gelecek d\u00f6neme ait b\u00fct\u00e7eyi haz\u0131rlayarak genel kurula sunmak,<br \/>\n<strong>3.<\/strong>\u00a0Dernek t\u00fcz\u00fc\u011f\u00fcn\u00fcn ve mevzuat\u0131n kendisine verdi\u011fi i\u015fleri yapmak ve yetkileri kullanmak.<\/p>\n<p align=\"justify\"><strong>MADDE -17:\u00a0Y\u00d6NET\u0130M KURULU BA\u015eKANININ G\u00d6REVLER\u0130<\/strong><\/p>\n<p>a)\u00a0Genel Kurulca organlara se\u00e7ilenlerin kimliklerini 2908 say\u0131l\u0131 dernekler kanununun 30. maddesine uygun olarak 7 g\u00fcn i\u00e7erisinde bulundu\u011fu yerin en b\u00fcy\u00fck m\u00fclki amirli\u011fine yaz\u0131yla bildirir.<br \/>\n<strong>b)<\/strong>\u00a0Y\u00f6netim kurulunun tasvibi ile dernek ad\u0131na s\u00f6zle\u015fmeler tanzim ve imza etmeye, gerekti\u011fi kadar (belgelemek kayd\u0131yla) para harcamaya yetkilidir.<br \/>\n<strong>c)<\/strong>\u00a0Derne\u011fi resmi ve \u00f6zel m\u00fcessese, mahkeme, icra daireleri ile resmi ve \u00f6zel ki\u015filer \u00f6n\u00fcnde temsil eder.<br \/>\n<strong>d)<\/strong>\u00a0Genel Kurul toplant\u0131lar\u0131 d\u00fczenleyip toplant\u0131 g\u00fcndemini haz\u0131rlar, karar defterini ve ba\u015fkanl\u0131k m\u00fchr\u00fcn\u00fc muhafaza eder.<\/p>\n<p align=\"justify\"><strong>MADDE\u00a0 &#8211; 18:\u00a0Y\u00d6NET\u0130M KURULU BA\u015eKAN YARDIMCISININ G\u00d6REVLER\u0130<\/strong><\/p>\n<p>a)\u00a0Ba\u015fkan\u0131n bulunmad\u0131\u011f\u0131 hallerde ba\u015fkan\u0131n g\u00f6revlerini yapar.<br \/>\n<strong>b)<\/strong>\u00a0\u00c7e\u015fitli komisyonlarda y\u00f6netim kurulu ad\u0131na ba\u015fkanl\u0131k yapar.<br \/>\n<strong>c)<\/strong>\u00a0Hizmetlerin verimli\u011fi i\u00e7in sekreterlik aras\u0131nda\u00a0 koordineyi sa\u011flar.<\/p>\n<p align=\"justify\"><strong>MADDE \u2013 19:\u00a0SEKRETER\u0130N G\u00d6REVLER\u0130<\/strong><\/p>\n<p>a)\u00a0Di\u011fer resmi, \u00f6zel kurulu\u015f ve ki\u015filerle ilgili yaz\u0131lar\u0131 kurulu\u015flar aras\u0131 toplant\u0131lara sunulacak tebli\u011fleri, bas\u0131n yay\u0131n yoluyla kamuoyuna intikal ettirilecek bildirileri dernek te\u015fkilat\u0131na ve \u00fcyelere intikal ettirilecek bildirileri ve genelgeleri haz\u0131rlar, ba\u015fkanla m\u00fc\u015fterek imza eder.<br \/>\n<strong>b)<\/strong>\u00a0\u00dcye kay\u0131t i\u015flemlerini, evrak kay\u0131t i\u015flemlerini, dosya tanzim organize ve takip i\u015flemlerini yapar.<br \/>\n<strong>c)<\/strong>\u00a0Devre sonu faaliyet raporunu haz\u0131rlar.<\/p>\n<p align=\"justify\"><strong>MADDE &#8211; 20:\u00a0SAYMANIN G\u00d6REVLER\u0130<\/strong><\/p>\n<p>a)\u00a0Mali i\u015flerle ilgili olarak resmi ve \u00f6zel kurulu\u015f ve \u00f6zel ki\u015filerle ilgili yaz\u0131lar\u0131 hesap raporlar\u0131n\u0131 mali genelgeleri haz\u0131rlamak, imza etmek,<br \/>\n<strong>b)<\/strong>\u00a0Gelir-Gider muhasebe defteri i\u015flemlerini bilan\u00e7o ve b\u00fct\u00e7e defter i\u015flemlerini, demirba\u015f defter i\u015flemlerini, aidat takip listeleri i\u015flemlerini takip eder,<br \/>\n<strong>c)<\/strong>\u00a0Dernek tahsilat al\u0131nd\u0131 belgelerinin temin edilmesi gerekli i\u015flemlerden sorumludur.<br \/>\n<strong>d)<\/strong>\u00a0Y\u00f6netim kurulunun tasvibi ile bankadan para \u00e7ekmeye ve gerekti\u011fi kadar harcamaya genel ba\u015fkan m\u00fc\u015fterek imzas\u0131 ile yetkilidir.<br \/>\n<strong>e)<\/strong>\u00a0Her t\u00fcrl\u00fc fatura ve benzeri belgeleri ile tahsil edilen paralardan mesuld\u00fcr.<br \/>\n<strong>f)<\/strong>\u00a0D\u00f6rt ayda bir hesap bilan\u00e7osu haz\u0131rlar ve y\u00f6netim kuruluna sunar. Gelecek d\u00f6nem b\u00fct\u00e7e plan\u0131n\u0131 haz\u0131rlar.<\/p>\n<p align=\"justify\"><strong>MADDE &#8211; 21:\u00a0Y\u00d6NET\u0130M KURULUNUN YEDEK \u00dcYELERLE\u00a0 TAMAMLANAMAMASI<\/strong><\/p>\n<p>Y\u00f6netim kurulu \u00fcye say\u0131s\u0131 bo\u015falmalar sebebiyle yedeklerin getirilmesinden sonra \u00fcye tam say\u0131s\u0131n\u0131n yar\u0131s\u0131ndan a\u015fa\u011f\u0131 d\u00fc\u015ferse, genel kurul mevcut y\u00f6netim kurulu \u00fcyeleri veya denetleme kurulu taraf\u0131ndan bir ay i\u00e7inde toplant\u0131ya \u00e7a\u011fr\u0131l\u0131r. \u00c7a\u011fr\u0131n\u0131n yap\u0131lmamas\u0131 halinde \u00fcyelerden birinin ba\u015fvurmas\u0131 \u00fczerine mahallin sulh hakimi duru\u015fma yaparak dernek \u00fcyeleri aras\u0131ndan se\u00e7ece\u011fi \u00fc\u00e7 ki\u015fiyi bir ay i\u00e7erisinde\u00a0 genel kurulu toplamakla g\u00f6revlendirir.<\/p>\n<p align=\"justify\"><strong>MADDE \u2013 22:\u00a0DENETLEME KURULU VE G\u00d6REVLER\u0130<\/strong><\/p>\n<p>Denetleme Kurulu genel kurulca gizli oyla ve iki y\u0131l s\u00fcre ile se\u00e7ilen \u00fc\u00e7 asil \u00fc\u00e7 yedek \u00fcyeden olu\u015fur. En ge\u00e7 alt\u0131 ayda bir toplanarak raporlar\u0131n\u0131 Y\u00f6netim Kuruluna ve topland\u0131\u011f\u0131nda genel kurula sunar. Denetleme Kurulu derne\u011fin muhasebe kay\u0131tlar\u0131n\u0131, belgelerini ve di\u011fer t\u00fcm faaliyetlerini denetler. Bu konularda raporlar haz\u0131rlar, aksakl\u0131klar\u0131n giderilmesini y\u00f6netim kurulundan talep eder. Giderilmemesi halinde y\u00f6netim kuruluna ba\u015fvurarak ola\u011fan\u00fcst\u00fc toplant\u0131ya \u00e7a\u011fr\u0131lmas\u0131n\u0131 talep edebilir.<\/p>\n<p align=\"justify\"><strong>MADDE \u2013 23:\u00a0\u015eUBELER\u0130N KURULU\u015eU VE HUKUKSAL DURUMU<\/strong><\/p>\n<p>Y\u00f6netim Kurulu karar\u0131 ile \u015fube a\u00e7\u0131lacak yerlerden en az alt\u0131 aydan beri ikamet eden en az \u00fc\u00e7 ki\u015fiye \u015fubeyi kurma yetkisi ve izni verilir. \u015eube a\u00e7maya yetkili k\u0131l\u0131nanlar, kurucular\u0131n ad ve soyadlar\u0131n\u0131, baba adlar\u0131n\u0131, do\u011fum yeri ve tarihlerini, meslek veya sanatlar\u0131n\u0131, ikametgah ve uyruklar\u0131n\u0131, \u015fube merkezi ile adresini, \u015fubenin a\u00e7\u0131laca\u011f\u0131 yerin en b\u00fcy\u00fck m\u00fclki amirli\u011fine bildirirler. Bu bildirime dernek ana t\u00fcz\u00fc\u011f\u00fcnden iki \u00f6rnek ile kuruculuk yetki belgesini de eklerler. Bu bildirim ile \u015fube kurulu\u015fu tamamlanm\u0131\u015f olur.<\/p>\n<p>\u015eubeler Dernek Genel kurulunda se\u00e7imlik ve do\u011fal delegelerle temsil edilir. \u015eubelerin Y\u00f6netim ve Denetim Kurulu ba\u015fkanlar\u0131 do\u011fal delege olarak ve \u015fube genel kurullar\u0131nda\u00a0 se\u00e7ilecek bir (1) delege de se\u00e7imlik delege olarak temsilen Genel Kurul\u2019a kat\u0131lma hakk\u0131na sahiptir.<\/p>\n<p>Bu t\u00fcz\u00fc\u011f\u00fcn Dernek t\u00fczel ki\u015fili\u011fine ili\u015fkin di\u011fer h\u00fck\u00fcmleri de \u015fube kapsam\u0131nda ve \u015fubeye ili\u015fkin olarak ge\u00e7erli olup k\u0131yasen uygulan\u0131r. Uygulamaya ve merkez-\u015fube ili\u015fkilerine dair h\u00fck\u00fcmler, Dernek Y\u00f6netim Kurulu\u2019nca mevzuat ve t\u00fcz\u00fck h\u00fck\u00fcmlerine uygun olarak haz\u0131rlanacak \u201c\u015eubeler Y\u00f6netmeli\u011fi\u201d nde g\u00f6sterilir.<\/p>\n<p align=\"justify\"><strong>MADDE \u2013 24:\u00a0\u015eUBELER\u0130N ORGANLARI, G\u00d6REV VE YETK\u0130LER\u0130<\/strong><\/p>\n<p>\u015eubelerin organlar\u0131 ile g\u00f6rev ve yetkileri a\u015fa\u011f\u0131da belirtilmi\u015ftir.<\/p>\n<p><strong>a)\u00a0\u015eube Genel Kurulu :<\/strong> \u015eubeye kay\u0131tl\u0131 ve aidatlar\u0131n\u0131 \u00f6demi\u015f \u00fcyelerin kat\u0131lmas\u0131yla iki y\u0131lda bir ocak ay\u0131nda ola\u011fan olarak toplan\u0131r. \u015eube genel kurulunun toplant\u0131 ilkeleri, \u00e7a\u011fr\u0131 y\u00f6ntemleri, ola\u011fan\u00fcst\u00fc toplant\u0131 ile g\u00f6rev ve yetkileri hakk\u0131nda \u015fube kapsam\u0131nda ve \u015fubeye ili\u015fkin olarak bu t\u00fcz\u00fc\u011f\u00fcn genel kurulla ilgili 9, 10, 11, 12, 13, 14 ve di\u011fer maddeleri k\u0131yasen uygulan\u0131r.<br \/>\n<strong>b)\u00a0\u015eube Y\u00f6netim Kurulu :<\/strong> \u015eube genel kurulunda gizli oyla se\u00e7ilen 5 as\u0131l ve 5 yedek \u00fcyeden olu\u015fur. G\u00f6rev b\u00f6l\u00fc\u015f\u00fcm\u00fc ve \u00e7al\u0131\u015fma bi\u00e7imleri ile g\u00f6rev ve yetkileri hakk\u0131nda \u015fube kapsam\u0131nda ve \u015fubeye ili\u015fkin olarak bu t\u00fcz\u00fc\u011f\u00fcn Y\u00f6netim kurulu ile ilgili 15, 16, 17, 18, 19, 20, 21. ve di\u011fer maddeleri k\u0131yasen uygulan\u0131r.<br \/>\n<strong>c)\u00a0\u015eube Denetleme Kurulu :<\/strong> \u015eube genel kurulunda se\u00e7ilen \u00fc\u00e7 as\u0131l ve \u00fc\u00e7 yedek denet\u00e7iden olu\u015fur. G\u00f6rev b\u00f6l\u00fc\u015f\u00fcm\u00fc ve \u00e7al\u0131\u015fma bi\u00e7imleri ile g\u00f6rev ve yetkileri hakk\u0131nda ve \u015fubeye ili\u015fkin olarak bu t\u00fcz\u00fc\u011f\u00fcn Denetleme kurulu ile ilgili 22. ve di\u011fer maddeleri k\u0131yasen uygulan\u0131r.<\/p>\n<p align=\"justify\"><strong>MADDE \u2013 25:\u00a0T\u00dcZ\u00dc\u011e\u00dcN \u0130LAN \u015eEKL\u0130<\/strong><\/p>\n<p align=\"justify\">Dernek t\u00fcz\u00fc\u011f\u00fcn\u00fc ve ikametgah\u0131 t\u00fcz\u00fc\u011f\u00fcn kabul oldu\u011funun bildirildi\u011fi g\u00fcnden itibaren 15 g\u00fcn i\u00e7inde mahalli bir gazete veya il merkezinde \u00e7\u0131kan bir gazetede yay\u0131nlan\u0131r. Bu gazetenin 5 n\u00fcshas\u0131 yay\u0131n tarihinden itibaren en ge\u00e7 15 g\u00fcn i\u00e7inde ge\u00e7ici y\u00f6netim kurulu taraf\u0131ndan dernek merkezinin bulundu\u011fu yerin en b\u00fcy\u00fck m\u00fclki amirli\u011fine bir yaz\u0131 ile verilir. T\u00fcz\u00fcklerde ve dernek ikametgahlar\u0131ndaki de\u011fi\u015fikliklerde ayn\u0131 usule tabidir.<\/p>\n<p align=\"justify\"><strong>MADDE \u2013 26:\u00a0DERNEK KURULDUKTAN SONRA \u0130LK GENEL KURUL TOPLANTISI<\/strong><\/p>\n<p align=\"justify\">Dernek t\u00fcz\u00fc\u011f\u00fcn\u00fcn gazetede yay\u0131nland\u0131\u011f\u0131 g\u00fcn\u00fc izleyen 6 ay i\u00e7inde ilk genel kurul toplant\u0131s\u0131n\u0131 yapar ve organlar\u0131n\u0131 olu\u015fturur. Derne\u011fin ilk kurulu\u015ftaki ge\u00e7ici y\u00f6netim kurulu ilk genel kurul toplant\u0131s\u0131na kadar y\u00fcr\u00fct\u00fclmesinden sorumlu olup, verece\u011fi kararlar genel kurul kararlar\u0131 niteli\u011fi ta\u015f\u0131r<\/p>\n<p align=\"justify\"><strong>MADDE \u2013 27:\u00a0T\u00dcZ\u00dcK DE\u011e\u0130\u015e\u0130KL\u0130\u011e\u0130<\/strong><\/p>\n<p align=\"justify\">T\u00fcz\u00fck de\u011fi\u015fikli\u011fi Genel Kurul karar\u0131yla yap\u0131l\u0131r. T\u00fcz\u00fck de\u011fi\u015fikli\u011fi, ancak Genel Kurul g\u00fcndeminde yer alm\u0131\u015fsa veya toplant\u0131da haz\u0131r bulunan \u00fcye ve delegelerin onda birinin, yaz\u0131l\u0131 iste\u011fi \u00fczerine g\u00fcndeme al\u0131nm\u0131\u015fsa, Genel Kurulda g\u00f6r\u00fc\u015f\u00fclebilir. T\u00fcz\u00fck de\u011fi\u015fikli\u011fine karar verme yeter say\u0131s\u0131, toplant\u0131da haz\u0131r bulunan \u00fcye ve delegelerin 2\/3\u2019n\u00fcn oyudur. T\u00fcz\u00fck de\u011fi\u015fikli\u011finin tescil ve ilan\u0131 Dernek kurulu\u015fundaki usule uygun olarak yap\u0131l\u0131r.<\/p>\n<p align=\"justify\"><strong>MADDE \u2013 28:\u00a0TUTULMASI ZORUNLU DEFTER VE KAYITLAR<\/strong><\/p>\n<p align=\"justify\">Dernek, 09.06.1984 tarih ve 18426 say\u0131l\u0131 Resmi gazetede yay\u0131nlanan Dernek Gelirlerinin Toplanmas\u0131nda Kullan\u0131lacak Al\u0131nd\u0131 Belgeleri Hakk\u0131nda Y\u00f6netmelik ve 05 Nisan 2003 tarih ve 25070 say\u0131l\u0131 Resmi gazetede yay\u0131nlanan Derneklerin Tutacaklar\u0131 Defter, Muhasebe, Hesap Kay\u0131tlar\u0131 ile ilgili Usul ve Esaslara Dair Y\u00f6netmelikte belirtilen defterleri tutar.<\/p>\n<p align=\"justify\"><strong>MADDE \u2013 29:\u00a0DERNE\u011e\u0130N GEL\u0130R KAYNAKLARI<\/strong><\/p>\n<p align=\"justify\"><strong>a)<\/strong>\u00a0\u00dcyelik aidat\u0131; \u00fcyelerden giri\u015f \u00f6dentisi olarak 20.000.000 (yirmi milyon) TL. aidat olarak da ayl\u0131k 10.000.000 (on milyon) TL. Y\u0131ll\u0131k olarak toplam 120.000.000.-TL.(Y\u00fcz yirmi milyon) \u00f6denti al\u0131n\u0131r. \u00d6denti aidatlar\u0131n\u0131 y\u0131ll\u0131k toplam\u0131 olarak toptan da al\u0131n\u0131r.<br \/>\n<strong>b)<\/strong>\u00a0Ki\u015filerin kendi iste\u011fi ve Derne\u011fe ba\u015fvurarak yapt\u0131klar\u0131 ayni ve nakdi ba\u011f\u0131\u015flar ve yard\u0131mlar.<br \/>\n<strong>c)<\/strong>\u00a0Derne\u011fin mal varl\u0131\u011f\u0131ndan ve ama\u00e7 ve hizmet konular\u0131na uygun \u00e7al\u0131\u015fma ve faaliyet konu ve bi\u00e7imlerinden elde edilen gelir.<br \/>\n<strong>d)<\/strong>\u00a0Dernek\u00e7e yap\u0131lan yay\u0131nlar, tertiplenen piyango, balo, konser, \u00e7ay ve yemekli toplant\u0131, gezi, e\u011flence, temsil, spor faaliyeti ve yar\u0131\u015fmas\u0131 ve konferans gibi faaliyetlerden sa\u011flanan gelir.<br \/>\n<strong>e)<\/strong>\u00a0Yard\u0131m toplama hakk\u0131ndaki mevzuat h\u00fck\u00fcmlerine uygun olarak toplanacak ba\u011f\u0131\u015f ve yard\u0131mlar.<br \/>\n<strong>f)<\/strong>\u00a0Ama\u00e7 ve hizmet konular\u0131n\u0131 ger\u00e7ekle\u015ftirmek i\u00e7in gelir temin etmek amac\u0131yla kurdu\u011fu iktisadi, ticari ve sanayi i\u015fletmeleri, ortakl\u0131klar, vak\u0131flar ve yard\u0131mla\u015fma sand\u0131klar\u0131ndan elde edilen gelirler.<br \/>\n<strong>g)<\/strong>\u00a0Di\u011fer gelirler.<\/p>\n<p>Y\u00f6netim Kurulu mazeretleri dolay\u0131s\u0131 ile bor\u00e7lar\u0131n\u0131 zaman\u0131nda \u00f6demeyen \u00fcyelerin bor\u00e7lar\u0131n\u0131\u00a0\u00a0 muayyen m\u00fcddetle tecil edebilir.<\/p>\n<p align=\"justify\"><strong>MADDE \u2013 30:\u00a0DERNE\u011eE YAPILACAK YARDIM \u015eARTLARI<\/strong><\/p>\n<p>Dernek i\u015f\u00e7i i\u015fveren sendikalar\u0131ndan ve mesleki kurulu\u015flardan herhangi bir suretle maddi yard\u0131m kabul edilemez ve t\u00fczel ki\u015filerden, kurum ve kurulu\u015flardan kanun ve mevzuatlara uygun bulundu\u011fu takdirde yard\u0131m alabilir. Dernekler Kanununun ilgili maddesi \u00e7er\u00e7evesi dahilinde yard\u0131m alabilir.<\/p>\n<p align=\"justify\"><strong>MADDE \u2013 31:\u00a0GEL\u0130R VE G\u0130DERLERDE USUL<\/strong><\/p>\n<p align=\"justify\">Dernek gelirleri al\u0131nd\u0131 belgesi ile toplan\u0131r. Bu defterler ve belgeler 5 (Be\u015f) y\u0131l s\u00fcre ile saklanmas\u0131 mecburidir. Al\u0131nd\u0131 Belgesi resmi mercilerden ve usul\u00fcne uygun olarak mahallin en b\u00fcy\u00fck m\u00fclki amirine onaylatt\u0131ktan sonra kullan\u0131l\u0131r. Dernek ad\u0131na ba\u011f\u0131\u015f ve aidat toplayacak ki\u015fi ve ki\u015fileri, dernek Y\u00f6netim Kurulu bir kararla belirtir ve bu karar o yerin en b\u00fcy\u00fck m\u00fclki amirli\u011fine tescil ettirilir. Bu suretle g\u00f6revliler i\u00e7in yetki belgesi al\u0131n\u0131r. Yetki belgesiz gelir toplanamaz. Dernek ad\u0131na bankada hesap a\u00e7t\u0131r\u0131lmas\u0131 ve gelirlerin bu hesapta tutulmas\u0131 zorunludur.<\/p>\n<p align=\"justify\">Dernek giderlerinin harcama belgeleriyle yap\u0131lmas\u0131 zorunludur. Harcama belgeleri olarak: fatura, kasa fi\u015fi, gider pusulas\u0131 ve tutanak vb. belgeler kullan\u0131l\u0131r. Derne\u011fin bankadaki hesaplar\u0131ndan para \u00e7ekmek i\u00e7in, yetkili en az iki ki\u015finin birlikte imzas\u0131 gereklidir.<\/p>\n<p align=\"justify\">Dernek kasas\u0131nda bulunacak para memur maa\u015f katsay\u0131s\u0131n\u0131n bin ile \u00e7arp\u0131lmas\u0131 sonucu bulunacak miktar kadar olmal\u0131d\u0131r.<\/p>\n<p align=\"justify\"><strong>MADDE \u2013 32:\u00a0DERNE\u011e\u0130N FESH\u0130 HAL\u0130NDE MAL VARLI\u011eININ TASF\u0130YE \u015eEKL\u0130<\/strong><\/p>\n<p align=\"justify\">Dernek genel kurulu her zaman derne\u011fin feshine karar verebilir. Genel kurulun derne\u011fin feshine karar verebilmesi i\u00e7in t\u00fcz\u00fc\u011fe g\u00f6re genel kurula kat\u0131lma hakk\u0131na sahip bulunan \u00fcye ve delegelerin en az 2\/3 n\u00fcn toplant\u0131da haz\u0131r bulunmas\u0131\u00a0 \u015fartt\u0131r. \u0130lk toplant\u0131da bu \u00e7o\u011funluk sa\u011flanamamas\u0131 halinde \u00fcyeler ve delegeler ikinci toplant\u0131ya \u00e7a\u011fr\u0131l\u0131r. ikinci toplant\u0131ya kat\u0131lan \u00fcye ve delegelerin say\u0131s\u0131 y\u00f6netim ve denetim kurullar\u0131 \u00fcye tam say\u0131s\u0131n\u0131n iki kat\u0131ndan az olamaz.<\/p>\n<p align=\"justify\">Derne\u011fin feshi y\u00f6netim kurulu taraf\u0131ndan 5 (be\u015f) g\u00fcn i\u00e7inde mahallin en b\u00fcy\u00fck m\u00fclki amirli\u011fine yaz\u0131 ile bildirilir.<\/p>\n<p align=\"justify\"><strong>MADDE \u2013 33:\u00a0TASF\u0130YE<\/strong><\/p>\n<p align=\"justify\">Derne\u011fin her t\u00fcrl\u00fc fesih veya kendili\u011finden da\u011f\u0131lm\u0131\u015f say\u0131lmas\u0131 hallerinde mal, para ve haklar\u0131n tasfiyenin esaslar\u0131 genel kurulca belirlenir, Genel kurulca karar al\u0131nmad\u0131\u011f\u0131 takdirde, fesih halinde derne\u011fin t\u00fcm mal, para ve haklar\u0131, amac\u0131na uygun k\u00f6y t\u00fczel ki\u015fili\u011fine veya ba\u015fka bir dernek ve kurulu\u015fa devredilir.<\/p>\n<p align=\"justify\"><strong>MADDE \u2013 34:\u00a0DERNE\u011e\u0130 \u0130LZAM EDEN HUSUSLAR<\/strong><\/p>\n<p align=\"justify\">Derne\u011fi taahh\u00fct alt\u0131na koyacak her t\u00fcrl\u00fc i\u015flemlere ili\u015fkin b\u00fct\u00fcn belgelerin birisi ba\u015fkan veya vekili olmak \u00fczere iki ilzam ta\u015f\u0131mas\u0131 gerekir<\/p>\n<p align=\"justify\"><strong>MADDE \u2013 35:\u00a0T\u00dcZ\u00dcKTE YER ALMAYAN KONULAR<\/strong><\/p>\n<p align=\"justify\">T\u00fcz\u00fckte yer almayan konularda dernekler kanunu ve di\u011fer ilgili\u00a0 mevzuat h\u00fck\u00fcmlerine g\u00f6re hareket edilir.<\/p>\n<p align=\"justify\"><strong>MADDE \u2013 36:\u00a0GE\u00c7\u0130C\u0130 Y\u00d6NET\u0130M KURULU<\/strong><\/p>\n<p align=\"justify\">\u0130lk genel kurulda dernek organlar\u0131 olu\u015fturulana kadar derne\u011fi temsil edecek, dernek ad\u0131na yap\u0131lacak yaz\u0131\u015fmalar\u0131 kabul edecek ge\u00e7ici y\u00f6netim kurulu a\u015fa\u011f\u0131daki \u015fekilde olu\u015fturulmu\u015ftur.<\/p>\n<table border=\"0\" width=\"530\" cellspacing=\"1\" cellpadding=\"1\" bgcolor=\"#eaeaea\">\n<tbody>\n<tr bgcolor=\"#ffffff\">\n<td>\n<p align=\"center\"><strong>NO<\/strong><\/p>\n<\/td>\n<td width=\"110\">\n<p align=\"center\"><strong>ADI SOYADI<\/strong><\/p>\n<\/td>\n<td>\n<p align=\"center\"><strong>G\u00d6REV\u0130<\/strong><\/p>\n<\/td>\n<td>\n<p align=\"center\"><strong>\u0130KAMET ADRES\u0130<\/strong><\/p>\n<\/td>\n<td width=\"60\">\n<p align=\"center\"><strong>TEL<\/strong><\/p>\n<\/td>\n<\/tr>\n<tr bgcolor=\"#ffffff\">\n<td>\n<p align=\"center\"><strong>1<\/strong><\/p>\n<\/td>\n<td>Nurettin ARSLAN<\/td>\n<td>Ba\u015fkan<\/td>\n<td>Be\u015fikkaya mah. 9.cad.No: 2 Alt\u0131nda\u011f &#8211; ANKARA<\/td>\n<td>\n<p align=\"center\">375 74 74<\/p>\n<\/td>\n<\/tr>\n<tr bgcolor=\"#ffffff\">\n<td>\n<p align=\"center\"><strong>2<\/strong><\/p>\n<\/td>\n<td>Hac\u0131 SUBA\u015eI<\/td>\n<td>Ba\u015fkan Yard\u0131mc\u0131s\u0131<\/td>\n<td>\u00c7aml\u0131k mah. Orhan kemal cad. No: 288\/2<br \/>\nH\u00fcseyingazi &#8211; Ankara<\/td>\n<td>\n<p align=\"center\">376 29 36<\/p>\n<\/td>\n<\/tr>\n<tr bgcolor=\"#ffffff\">\n<td>\n<p align=\"center\"><strong>3<\/strong><\/p>\n<\/td>\n<td>Saadettin TUN\u00c7<\/td>\n<td>Genel Sekreter<\/td>\n<td>Saimekad\u0131n mah. Cami sk.No:23\/3<br \/>\nAbidinpa\u015fa &#8211; ANKARA<\/td>\n<td>\n<p align=\"center\">365 32 94<\/p>\n<\/td>\n<\/tr>\n<tr bgcolor=\"#ffffff\">\n<td>\n<p align=\"center\"><strong>4<\/strong><\/p>\n<\/td>\n<td>Salih ALTUNBULAK<\/td>\n<td>Muhasip<\/td>\n<td>Ba\u015fp\u0131nar mah. 80.sk.No: 18\/1<br \/>\nAlt\u0131nda\u011f \u2013 ANKARA<\/td>\n<td>\n<p align=\"center\">350 60 87<\/p>\n<\/td>\n<\/tr>\n<tr bgcolor=\"#ffffff\">\n<td>\n<p align=\"center\"><strong>5<\/strong><\/p>\n<\/td>\n<td>Haydar \u00c7A\u011eRICI<\/td>\n<td>\u00dcye<\/td>\n<td>12.cadde 29.sk.No: 18\/43<br \/>\nYenimahalle &#8211; ANKARA<\/td>\n<td>\n<p align=\"center\">346 95 81<\/p>\n<\/td>\n<\/tr>\n<\/tbody>\n<\/table>\n<p align=\"justify\">\n","protected":false},"excerpt":{"rendered":"<p>ALTINYAYLA ve \u00c7EVRES\u0130 YARDIMLA\u015eMA VE DAYANI\u015eMA\u00a0K\u00dcLT\u00dcR DERNE\u011e\u0130 ANA T\u00dcZ\u00dc\u011e\u00dc MADDE &#8211; 1:\u00a0DERNE\u011e\u0130N ADI Yasalar ile bu Ana t\u00fcz\u00fck h\u00fck\u00fcmleri\u00a0 do\u011frultusunda \u00e7al\u0131\u015fmak ve etkinliklerde bulunmak \u00fczere \u201cALTINYAYLA VE \u00c7EVRES\u0130 YARDIMLA\u015eMA VE DAYANI\u015eMA K\u00dcLT\u00dcR DERNE\u011e\u0130\u201d ad\u0131 ile bir dernek kurulmu\u015ftur. A\u015fa\u011f\u0131daki maddelerde \u201cAlt\u0131nyayla ve \u00c7evresi Yard\u0131mla\u015fma ve Dayan\u0131\u015fma K\u00fclt\u00fcr Derne\u011fi\u201d (Dernek) k\u0131sa ad\u0131 ile an\u0131lm\u0131\u015ft\u0131r. MADDE &#8211; [&hellip;]<\/p>\n","protected":false},"author":1,"featured_media":0,"parent":0,"menu_order":0,"comment_status":"closed","ping_status":"closed","template":"","meta":[],"_links":{"self":[{"href":"http:\/\/altinyayla.org.tr\/index.php\/wp-json\/wp\/v2\/pages\/13"}],"collection":[{"href":"http:\/\/altinyayla.org.tr\/index.php\/wp-json\/wp\/v2\/pages"}],"about":[{"href":"http:\/\/altinyayla.org.tr\/index.php\/wp-json\/wp\/v2\/types\/page"}],"author":[{"embeddable":true,"href":"http:\/\/altinyayla.org.tr\/index.php\/wp-json\/wp\/v2\/users\/1"}],"replies":[{"embeddable":true,"href":"http:\/\/altinyayla.org.tr\/index.php\/wp-json\/wp\/v2\/comments?post=13"}],"version-history":[{"count":2,"href":"http:\/\/altinyayla.org.tr\/index.php\/wp-json\/wp\/v2\/pages\/13\/revisions"}],"predecessor-version":[{"id":32,"href":"http:\/\/altinyayla.org.tr\/index.php\/wp-json\/wp\/v2\/pages\/13\/revisions\/32"}],"wp:attachment":[{"href":"http:\/\/altinyayla.org.tr\/index.php\/wp-json\/wp\/v2\/media?parent=13"}],"curies":[{"name":"wp","href":"https:\/\/api.w.org\/{rel}","templated":true}]}}